{"id":6156,"date":"2023-02-01T14:06:22","date_gmt":"2023-02-01T13:06:22","guid":{"rendered":"https:\/\/www.proanima.fr\/interview\/dr-julien-marie-et-sophie-leon-utilisation-de-la-tumeur-du-patient\/"},"modified":"2024-03-15T11:56:02","modified_gmt":"2024-03-15T10:56:02","slug":"dr-julien-marie-sophie-leon-use-of-the-patients-tumor","status":"publish","type":"interview","link":"https:\/\/www.proanima.fr\/en\/interview\/dr-julien-marie-sophie-leon-use-of-the-patients-tumor\/","title":{"rendered":"Dr Julien Marie &amp; Sophie L\u00e9on\u2009\u2014\u2009Use of the patient\u2019s tumor"},"content":{"rendered":"<p><strong>Julien Marie, Doctor in immuno-virology and expert in immunology and cancer, Inserm CNRS researcher at the Lyon Cancer Research Center, and Sophie L\u00e9on, specialist in the field of cancer histology and operational manager of the ex vivo platform of L\u00e9on B\u00e9rard hospital center and the CRCL use the patient\u2019s living tumor to fight against cancer, particularly those caused by misdiagnoses.<\/strong><\/p>\n<div id=\"attachment_6123\" style=\"width: 1034px\" class=\"wp-caption aligncenter\"><img loading=\"lazy\" decoding=\"async\" aria-describedby=\"caption-attachment-6123\" class=\"wp-image-6123 size-large\" src=\"https:\/\/www.proanima.fr\/wp-content\/uploads\/2023\/09\/1_MARIE-LEON-CRCL-LYON-Image-06-12-2022-a-16-1024x661.jpg\" alt width=\"1024\" height=\"661\" srcset=\"https:\/\/www.proanima.fr\/wp-content\/uploads\/2023\/09\/1_MARIE-LEON-CRCL-LYON-Image-06-12-2022-a-16-1024x661.jpg 1024w, https:\/\/www.proanima.fr\/wp-content\/uploads\/2023\/09\/1_MARIE-LEON-CRCL-LYON-Image-06-12-2022-a-16-300x194.jpg 300w, https:\/\/www.proanima.fr\/wp-content\/uploads\/2023\/09\/1_MARIE-LEON-CRCL-LYON-Image-06-12-2022-a-16-768x496.jpg 768w, https:\/\/www.proanima.fr\/wp-content\/uploads\/2023\/09\/1_MARIE-LEON-CRCL-LYON-Image-06-12-2022-a-16-624x403.jpg 624w, https:\/\/www.proanima.fr\/wp-content\/uploads\/2023\/09\/1_MARIE-LEON-CRCL-LYON-Image-06-12-2022-a-16.jpg 1200w\" sizes=\"auto, (max-width: 1024px) 100vw, 1024px\"><p id=\"caption-attachment-6123\" class=\"wp-caption-text\">Cr\u00e9dit image : Comit\u00e9 Pro Anima \u2013 Brett Walsh Photography \u2013 Dr Julien Marie et Sophie L\u00e9on<\/p><\/div>\n<p>&nbsp;<\/p>\n","protected":false},"featured_media":6122,"template":"","interview_cat":[],"class_list":["post-6156","interview","type-interview","status-publish","has-post-thumbnail","hentry"],"acf":[],"yoast_head":"<!-- This site is optimized with the Yoast SEO plugin v27.4 - https:\/\/yoast.com\/product\/yoast-seo-wordpress\/ -->\n<title>Dr Julien Marie &amp; Sophie L\u00e9on - Use of the patient&#039;s tumor - Pro Anima<\/title>\n<meta name=\"description\" content=\"Descroix-Vernier EthicScience Prize 2023: interview with Dr Julien Marie, winner with and Sophie L\u00e9on in the Development and Applicability category\" \/>\n<meta name=\"robots\" content=\"index, follow, max-snippet:-1, max-image-preview:large, max-video-preview:-1\" \/>\n<link rel=\"canonical\" href=\"https:\/\/www.proanima.fr\/en\/interview\/dr-julien-marie-sophie-leon-use-of-the-patients-tumor\/\" \/>\n<meta property=\"og:locale\" content=\"en_US\" \/>\n<meta property=\"og:type\" content=\"article\" \/>\n<meta property=\"og:title\" content=\"Dr Julien Marie &amp; Sophie L\u00e9on - Use of the patient&#039;s tumor - Pro Anima\" \/>\n<meta property=\"og:description\" content=\"Descroix-Vernier EthicScience Prize 2023: interview with Dr Julien Marie, winner with and Sophie L\u00e9on in the Development and Applicability category\" \/>\n<meta property=\"og:url\" content=\"https:\/\/www.proanima.fr\/en\/interview\/dr-julien-marie-sophie-leon-use-of-the-patients-tumor\/\" \/>\n<meta property=\"og:site_name\" content=\"Pro Anima\" \/>\n<meta property=\"article:publisher\" content=\"https:\/\/www.facebook.com\/Association-Pro-Anima-34207477994\/?fref=ts\" \/>\n<meta property=\"article:modified_time\" content=\"2024-03-15T10:56:02+00:00\" \/>\n<meta property=\"og:image\" content=\"https:\/\/www.proanima.fr\/wp-content\/uploads\/2023\/09\/Bandeau-iStock-1201820308-Rasi-Bhadramni-iStock.jpg\" \/>\n\t<meta property=\"og:image:width\" content=\"2036\" \/>\n\t<meta property=\"og:image:height\" content=\"1473\" \/>\n\t<meta property=\"og:image:type\" content=\"image\/jpeg\" \/>\n<meta name=\"twitter:card\" content=\"summary_large_image\" \/>\n<meta name=\"twitter:site\" content=\"@comiteproanima\" \/>\n<meta name=\"twitter:label1\" content=\"Est. reading time\" \/>\n\t<meta name=\"twitter:data1\" content=\"1 minute\" \/>\n<script type=\"application\/ld+json\" class=\"yoast-schema-graph\">{\"@context\":\"https:\\\/\\\/schema.org\",\"@graph\":[{\"@type\":\"WebPage\",\"@id\":\"https:\\\/\\\/www.proanima.fr\\\/en\\\/interview\\\/dr-julien-marie-sophie-leon-use-of-the-patients-tumor\\\/\",\"url\":\"https:\\\/\\\/www.proanima.fr\\\/en\\\/interview\\\/dr-julien-marie-sophie-leon-use-of-the-patients-tumor\\\/\",\"name\":\"Dr Julien Marie & Sophie L\u00e9on - Use of the patient's tumor - Pro Anima\",\"isPartOf\":{\"@id\":\"https:\\\/\\\/www.proanima.fr\\\/#website\"},\"primaryImageOfPage\":{\"@id\":\"https:\\\/\\\/www.proanima.fr\\\/en\\\/interview\\\/dr-julien-marie-sophie-leon-use-of-the-patients-tumor\\\/#primaryimage\"},\"image\":{\"@id\":\"https:\\\/\\\/www.proanima.fr\\\/en\\\/interview\\\/dr-julien-marie-sophie-leon-use-of-the-patients-tumor\\\/#primaryimage\"},\"thumbnailUrl\":\"https:\\\/\\\/www.proanima.fr\\\/wp-content\\\/uploads\\\/2023\\\/09\\\/Bandeau-iStock-1201820308-Rasi-Bhadramni-iStock.jpg\",\"datePublished\":\"2023-02-01T13:06:22+00:00\",\"dateModified\":\"2024-03-15T10:56:02+00:00\",\"description\":\"Descroix-Vernier EthicScience Prize 2023: interview with Dr Julien Marie, winner with and Sophie L\u00e9on in the Development and Applicability category\",\"breadcrumb\":{\"@id\":\"https:\\\/\\\/www.proanima.fr\\\/en\\\/interview\\\/dr-julien-marie-sophie-leon-use-of-the-patients-tumor\\\/#breadcrumb\"},\"inLanguage\":\"en-US\",\"potentialAction\":[{\"@type\":\"ReadAction\",\"target\":[\"https:\\\/\\\/www.proanima.fr\\\/en\\\/interview\\\/dr-julien-marie-sophie-leon-use-of-the-patients-tumor\\\/\"]}]},{\"@type\":\"ImageObject\",\"inLanguage\":\"en-US\",\"@id\":\"https:\\\/\\\/www.proanima.fr\\\/en\\\/interview\\\/dr-julien-marie-sophie-leon-use-of-the-patients-tumor\\\/#primaryimage\",\"url\":\"https:\\\/\\\/www.proanima.fr\\\/wp-content\\\/uploads\\\/2023\\\/09\\\/Bandeau-iStock-1201820308-Rasi-Bhadramni-iStock.jpg\",\"contentUrl\":\"https:\\\/\\\/www.proanima.fr\\\/wp-content\\\/uploads\\\/2023\\\/09\\\/Bandeau-iStock-1201820308-Rasi-Bhadramni-iStock.jpg\",\"width\":2036,\"height\":1473,\"caption\":\"Anatomy of pancreas. 3d illustration\"},{\"@type\":\"BreadcrumbList\",\"@id\":\"https:\\\/\\\/www.proanima.fr\\\/en\\\/interview\\\/dr-julien-marie-sophie-leon-use-of-the-patients-tumor\\\/#breadcrumb\",\"itemListElement\":[{\"@type\":\"ListItem\",\"position\":1,\"name\":\"Accueil\",\"item\":\"https:\\\/\\\/www.proanima.fr\\\/en\\\/\"},{\"@type\":\"ListItem\",\"position\":2,\"name\":\"Dr Julien Marie &#038; Sophie L\u00e9on &#8211; Use of the patient&#8217;s tumor\"}]},{\"@type\":\"WebSite\",\"@id\":\"https:\\\/\\\/www.proanima.fr\\\/#website\",\"url\":\"https:\\\/\\\/www.proanima.fr\\\/\",\"name\":\"Pro Anima\",\"description\":\"Pour une recherche sans exp\u00e9rimentation animale\",\"publisher\":{\"@id\":\"https:\\\/\\\/www.proanima.fr\\\/#organization\"},\"potentialAction\":[{\"@type\":\"SearchAction\",\"target\":{\"@type\":\"EntryPoint\",\"urlTemplate\":\"https:\\\/\\\/www.proanima.fr\\\/?s={search_term_string}\"},\"query-input\":{\"@type\":\"PropertyValueSpecification\",\"valueRequired\":true,\"valueName\":\"search_term_string\"}}],\"inLanguage\":\"en-US\"},{\"@type\":\"Organization\",\"@id\":\"https:\\\/\\\/www.proanima.fr\\\/#organization\",\"name\":\"Pro Anima\",\"url\":\"https:\\\/\\\/www.proanima.fr\\\/\",\"logo\":{\"@type\":\"ImageObject\",\"inLanguage\":\"en-US\",\"@id\":\"https:\\\/\\\/www.proanima.fr\\\/#\\\/schema\\\/logo\\\/image\\\/\",\"url\":\"https:\\\/\\\/www.proanima.fr\\\/wp-content\\\/uploads\\\/2016\\\/03\\\/Logo-ProAnima-RVB-copie-1.jpg\",\"contentUrl\":\"https:\\\/\\\/www.proanima.fr\\\/wp-content\\\/uploads\\\/2016\\\/03\\\/Logo-ProAnima-RVB-copie-1.jpg\",\"width\":1800,\"height\":600,\"caption\":\"Pro Anima\"},\"image\":{\"@id\":\"https:\\\/\\\/www.proanima.fr\\\/#\\\/schema\\\/logo\\\/image\\\/\"},\"sameAs\":[\"https:\\\/\\\/www.facebook.com\\\/Association-Pro-Anima-34207477994\\\/?fref=ts\",\"https:\\\/\\\/x.com\\\/comiteproanima\",\"https:\\\/\\\/www.linkedin.com\\\/company\\\/comit-scientifique-pro-anima\\\/\",\"https:\\\/\\\/www.instagram.com\\\/comiteproanima\\\/\"]}]}<\/script>\n<!-- \/ Yoast SEO plugin. -->","yoast_head_json":{"title":"Dr Julien Marie & Sophie L\u00e9on - Use of the patient's tumor - Pro Anima","description":"Descroix-Vernier EthicScience Prize 2023: interview with Dr Julien Marie, winner with and Sophie L\u00e9on in the Development and Applicability category","robots":{"index":"index","follow":"follow","max-snippet":"max-snippet:-1","max-image-preview":"max-image-preview:large","max-video-preview":"max-video-preview:-1"},"canonical":"https:\/\/www.proanima.fr\/en\/interview\/dr-julien-marie-sophie-leon-use-of-the-patients-tumor\/","og_locale":"en_US","og_type":"article","og_title":"Dr Julien Marie & Sophie L\u00e9on - Use of the patient's tumor - Pro Anima","og_description":"Descroix-Vernier EthicScience Prize 2023: interview with Dr Julien Marie, winner with and Sophie L\u00e9on in the Development and Applicability category","og_url":"https:\/\/www.proanima.fr\/en\/interview\/dr-julien-marie-sophie-leon-use-of-the-patients-tumor\/","og_site_name":"Pro Anima","article_publisher":"https:\/\/www.facebook.com\/Association-Pro-Anima-34207477994\/?fref=ts","article_modified_time":"2024-03-15T10:56:02+00:00","og_image":[{"width":2036,"height":1473,"url":"https:\/\/www.proanima.fr\/wp-content\/uploads\/2023\/09\/Bandeau-iStock-1201820308-Rasi-Bhadramni-iStock.jpg","type":"image\/jpeg"}],"twitter_card":"summary_large_image","twitter_site":"@comiteproanima","twitter_misc":{"Est. reading time":"1 minute"},"schema":{"@context":"https:\/\/schema.org","@graph":[{"@type":"WebPage","@id":"https:\/\/www.proanima.fr\/en\/interview\/dr-julien-marie-sophie-leon-use-of-the-patients-tumor\/","url":"https:\/\/www.proanima.fr\/en\/interview\/dr-julien-marie-sophie-leon-use-of-the-patients-tumor\/","name":"Dr Julien Marie & Sophie L\u00e9on - Use of the patient's tumor - Pro Anima","isPartOf":{"@id":"https:\/\/www.proanima.fr\/#website"},"primaryImageOfPage":{"@id":"https:\/\/www.proanima.fr\/en\/interview\/dr-julien-marie-sophie-leon-use-of-the-patients-tumor\/#primaryimage"},"image":{"@id":"https:\/\/www.proanima.fr\/en\/interview\/dr-julien-marie-sophie-leon-use-of-the-patients-tumor\/#primaryimage"},"thumbnailUrl":"https:\/\/www.proanima.fr\/wp-content\/uploads\/2023\/09\/Bandeau-iStock-1201820308-Rasi-Bhadramni-iStock.jpg","datePublished":"2023-02-01T13:06:22+00:00","dateModified":"2024-03-15T10:56:02+00:00","description":"Descroix-Vernier EthicScience Prize 2023: interview with Dr Julien Marie, winner with and Sophie L\u00e9on in the Development and Applicability category","breadcrumb":{"@id":"https:\/\/www.proanima.fr\/en\/interview\/dr-julien-marie-sophie-leon-use-of-the-patients-tumor\/#breadcrumb"},"inLanguage":"en-US","potentialAction":[{"@type":"ReadAction","target":["https:\/\/www.proanima.fr\/en\/interview\/dr-julien-marie-sophie-leon-use-of-the-patients-tumor\/"]}]},{"@type":"ImageObject","inLanguage":"en-US","@id":"https:\/\/www.proanima.fr\/en\/interview\/dr-julien-marie-sophie-leon-use-of-the-patients-tumor\/#primaryimage","url":"https:\/\/www.proanima.fr\/wp-content\/uploads\/2023\/09\/Bandeau-iStock-1201820308-Rasi-Bhadramni-iStock.jpg","contentUrl":"https:\/\/www.proanima.fr\/wp-content\/uploads\/2023\/09\/Bandeau-iStock-1201820308-Rasi-Bhadramni-iStock.jpg","width":2036,"height":1473,"caption":"Anatomy of pancreas. 3d illustration"},{"@type":"BreadcrumbList","@id":"https:\/\/www.proanima.fr\/en\/interview\/dr-julien-marie-sophie-leon-use-of-the-patients-tumor\/#breadcrumb","itemListElement":[{"@type":"ListItem","position":1,"name":"Accueil","item":"https:\/\/www.proanima.fr\/en\/"},{"@type":"ListItem","position":2,"name":"Dr Julien Marie &#038; Sophie L\u00e9on &#8211; Use of the patient&#8217;s tumor"}]},{"@type":"WebSite","@id":"https:\/\/www.proanima.fr\/#website","url":"https:\/\/www.proanima.fr\/","name":"Pro Anima","description":"Pour une recherche sans exp\u00e9rimentation animale","publisher":{"@id":"https:\/\/www.proanima.fr\/#organization"},"potentialAction":[{"@type":"SearchAction","target":{"@type":"EntryPoint","urlTemplate":"https:\/\/www.proanima.fr\/?s={search_term_string}"},"query-input":{"@type":"PropertyValueSpecification","valueRequired":true,"valueName":"search_term_string"}}],"inLanguage":"en-US"},{"@type":"Organization","@id":"https:\/\/www.proanima.fr\/#organization","name":"Pro Anima","url":"https:\/\/www.proanima.fr\/","logo":{"@type":"ImageObject","inLanguage":"en-US","@id":"https:\/\/www.proanima.fr\/#\/schema\/logo\/image\/","url":"https:\/\/www.proanima.fr\/wp-content\/uploads\/2016\/03\/Logo-ProAnima-RVB-copie-1.jpg","contentUrl":"https:\/\/www.proanima.fr\/wp-content\/uploads\/2016\/03\/Logo-ProAnima-RVB-copie-1.jpg","width":1800,"height":600,"caption":"Pro Anima"},"image":{"@id":"https:\/\/www.proanima.fr\/#\/schema\/logo\/image\/"},"sameAs":["https:\/\/www.facebook.com\/Association-Pro-Anima-34207477994\/?fref=ts","https:\/\/x.com\/comiteproanima","https:\/\/www.linkedin.com\/company\/comit-scientifique-pro-anima\/","https:\/\/www.instagram.com\/comiteproanima\/"]}]}},"_links":{"self":[{"href":"https:\/\/www.proanima.fr\/en\/wp-json\/wp\/v2\/interview\/6156","targetHints":{"allow":["GET"]}}],"collection":[{"href":"https:\/\/www.proanima.fr\/en\/wp-json\/wp\/v2\/interview"}],"about":[{"href":"https:\/\/www.proanima.fr\/en\/wp-json\/wp\/v2\/types\/interview"}],"wp:featuredmedia":[{"embeddable":true,"href":"https:\/\/www.proanima.fr\/en\/wp-json\/wp\/v2\/media\/6122"}],"wp:attachment":[{"href":"https:\/\/www.proanima.fr\/en\/wp-json\/wp\/v2\/media?parent=6156"}],"wp:term":[{"taxonomy":"interview_cat","embeddable":true,"href":"https:\/\/www.proanima.fr\/en\/wp-json\/wp\/v2\/interview_cat?post=6156"}],"curies":[{"name":"wp","href":"https:\/\/api.w.org\/{rel}","templated":true}]}}